{"id":9404,"date":"2024-04-17T19:13:05","date_gmt":"2024-04-17T19:13:05","guid":{"rendered":"https:\/\/hemisphericencounters.ca\/projects\/laboratoire-du-groupe-oralites-elargi-expanded-oralities-lab\/"},"modified":"2024-04-17T19:13:07","modified_gmt":"2024-04-17T19:13:07","slug":"laboratoire-du-groupe-oralites-elargi-expanded-oralities-lab","status":"publish","type":"portfolio","link":"https:\/\/hemisphericencounters.ca\/fr\/projects\/laboratoire-du-groupe-oralites-elargi-expanded-oralities-lab\/","title":{"rendered":"Laboratoire du groupe Oralit\u00e9s \u00e9largi (Expanded Oralities Lab)"},"content":{"rendered":"\n<p>Du 23 au 27 ao\u00fbt 2023, des membres du groupe Oralit\u00e9s \u00e9largi se sont r\u00e9unis \u00e0 Tiohti\u00e0:ke\/Montr\u00e9al. Dans ce laboratoire, l&#8217;id\u00e9e des oralit\u00e9s a \u00e9t\u00e9 explor\u00e9e \u00e0 travers diverses pratiques et approches, y compris les paysages sonores, les marionnettes, la comm\u00e9moration et les perspectives des \u00e9tudes critiques sur le handicap. Sur la base de ces approches, l&#8217;expansion du sens des oralit\u00e9s a \u00e9t\u00e9 discut\u00e9e. <\/p>\n\n<p>Le programme de r\u00e9sidence \u00e9tait organis\u00e9 par T Braun et Franklin Reynel Bonivento Van Grieken, \u00e9tudiants au doctorat \u00e0 l\u2019Universit\u00e9 Concordia et assistants \u00e0 la recherche du groupe Oralit\u00e9s, ainsi que par Kim Sawchuk et Paolo Vignolo, co-chefs du groupe. <\/p>\n\n<p>Au cours des cinq jours de r\u00e9sidence, les participants se sont engag\u00e9s dans diverses activit\u00e9s. Mark Sussman a anim\u00e9 un atelier Toy Theatre qui a men\u00e9 \u00e0 trois courtes pi\u00e8ces splendides (et au d\u00e9sir chez plusieurs membres du groupe de devenir marionnettistes!). Inspir\u00e9s par la notion d\u2019\u00ab oralit\u00e9 \u00e9largie, \u00bb Franklin et Paolo ont produit un atelier sonore exploratoire \u00e0 travers lequel les participants r\u00e9agissaient \u00e0 une liste de lecture s\u00e9lectionn\u00e9e par le biais du mouvement, du dessin, de l\u2019\u00e9criture et de la narration. Dot Tuer a pr\u00e9sent\u00e9 le projet Espacio de Memoria RI9 de Corrientes, en Argentine. Sa pr\u00e9sentation a ouvert une discussion sur le silence et la m\u00e9moire qui ont remis en question les id\u00e9es sur l\u2019oralit\u00e9. Menka Nagrani a pr\u00e9sent\u00e9 un extrait de <em>First Name Basis<\/em>, une performance con\u00e7ue avec des \u00e9tudiants de Concordia et des artistes de la compagnie de performance inclusive <a href=\"http:\/\/www.productionsdpdm.com\/home.html\"> Des pieds Des mains.<\/a> Apr\u00e8s le spectacle, il y a eu une discussion et un atelier de mouvement anim\u00e9 par les artistes de la compagnie. V\u00e9ro Leduc et ses collaborateurs au projet <em>\u00c0 nos proth\u00e8ses <\/em> ont partag\u00e9 leur recherche-cr\u00e9ation sur leurs relations avec leurs proth\u00e8ses<\/p>\n\n<p>La rencontre s\u2019est termin\u00e9e par une visite des jardins Laboratoire vivant du ACTLab et <a href=\"https:\/\/www.mindheartmouth.com\/\">mind.heart.mouth<\/a> de l\u2019\u00e9tudiante au doctorat, Andrea Tremblay, au campus Loyola de Concordia. Ayant r\u00e9colt\u00e9 fruits et l\u00e9gumes du jardin, le groupe a ensuite pr\u00e9par\u00e9 un souper communautaire. Du d\u00e9but \u00e0 la fin, entre les ateliers et tout au long de la r\u00e9sidence, les membres du groupe ont tenu de riches discussions, pos\u00e9 des questions et envisag\u00e9 des fa\u00e7ons dont le groupe pourrait continuer \u00e0 se d\u00e9velopper.<\/p>\n","protected":false},"excerpt":{"rendered":"<p>Du 23 au 27 ao\u00fbt 2023, des membres du groupe Oralit\u00e9s \u00e9largi se sont r\u00e9unis \u00e0 Tiohti\u00e0:ke\/Montr\u00e9al. Dans ce laboratoire, l&#8217;id\u00e9e des oralit\u00e9s a \u00e9t\u00e9 explor\u00e9e \u00e0 travers diverses pratiques et approches, y compris les paysages sonores, les marionnettes, la comm\u00e9moration et les perspectives des \u00e9tudes critiques sur le handicap. Sur la base de ces&hellip;<\/p>\n","protected":false},"author":1,"featured_media":8181,"comment_status":"closed","ping_status":"closed","template":"","meta":{"_acf_changed":false,"nf_dc_page":"","_monsterinsights_skip_tracking":false,"_monsterinsights_sitenote_active":false,"_monsterinsights_sitenote_note":"","_monsterinsights_sitenote_category":0,"footnotes":""},"portfolio_category":[46],"portfolio_tag":[],"class_list":["post-9404","portfolio","type-portfolio","status-publish","has-post-thumbnail","hentry","portfolio_category-oralities-fr"],"acf":[],"yoast_head":"<!-- This site is optimized with the Yoast SEO plugin v27.4 - https:\/\/yoast.com\/product\/yoast-seo-wordpress\/ -->\n<title>Laboratoire du groupe Oralit\u00e9s \u00e9largi (Expanded Oralities Lab) - Hemispheric Encounters<\/title>\n<meta name=\"description\" content=\"Des membres du groupe Oralit\u00e9s \u00e9largi se sont r\u00e9unis \u00e0 Tiohti\u00e0:ke\/Montr\u00e9al pour un laboratoire d\u2019exploration d\u2019oralit\u00e9s exprim\u00e9es \u00e0 travers diverses pratiques et cadres, notamment les paysages sonores, les marionnettes et la comm\u00e9moration, tout en \u00e9largissant la signification de la notion d\u2019oralit\u00e9 dans une optique de justice pour les personnes handicap\u00e9es. Sur la base de ces approches, l&#039;expansion du sens des oralit\u00e9s a \u00e9t\u00e9 discut\u00e9e.\" \/>\n<meta name=\"robots\" content=\"index, follow, max-snippet:-1, max-image-preview:large, max-video-preview:-1\" \/>\n<link rel=\"canonical\" href=\"https:\/\/hemisphericencounters.ca\/fr\/projects\/laboratoire-du-groupe-oralites-elargi-expanded-oralities-lab\/\" \/>\n<meta property=\"og:locale\" content=\"fr_FR\" \/>\n<meta property=\"og:type\" content=\"article\" \/>\n<meta property=\"og:title\" content=\"Laboratoire du groupe Oralit\u00e9s \u00e9largi (Expanded Oralities Lab) - Hemispheric Encounters\" \/>\n<meta property=\"og:description\" content=\"Des membres du groupe Oralit\u00e9s \u00e9largi se sont r\u00e9unis \u00e0 Tiohti\u00e0:ke\/Montr\u00e9al pour un laboratoire d\u2019exploration d\u2019oralit\u00e9s exprim\u00e9es \u00e0 travers diverses pratiques et cadres, notamment les paysages sonores, les marionnettes et la comm\u00e9moration, tout en \u00e9largissant la signification de la notion d\u2019oralit\u00e9 dans une optique de justice pour les personnes handicap\u00e9es. Sur la base de ces approches, l&#039;expansion du sens des oralit\u00e9s a \u00e9t\u00e9 discut\u00e9e.\" \/>\n<meta property=\"og:url\" content=\"https:\/\/hemisphericencounters.ca\/fr\/projects\/laboratoire-du-groupe-oralites-elargi-expanded-oralities-lab\/\" \/>\n<meta property=\"og:site_name\" content=\"Hemispheric Encounters\" \/>\n<meta property=\"article:modified_time\" content=\"2024-04-17T19:13:07+00:00\" \/>\n<meta property=\"og:image\" content=\"https:\/\/hemisphericencounters.ca\/wp-content\/uploads\/2024\/02\/IMG_1396.jpg\" \/>\n\t<meta property=\"og:image:width\" content=\"1920\" \/>\n\t<meta property=\"og:image:height\" content=\"1440\" \/>\n\t<meta property=\"og:image:type\" content=\"image\/jpeg\" \/>\n<meta name=\"twitter:card\" content=\"summary_large_image\" \/>\n<meta name=\"twitter:label1\" content=\"Dur\u00e9e de lecture estim\u00e9e\" \/>\n\t<meta name=\"twitter:data1\" content=\"2 minutes\" \/>\n<script type=\"application\/ld+json\" class=\"yoast-schema-graph\">{\"@context\":\"https:\\\/\\\/schema.org\",\"@graph\":[{\"@type\":\"WebPage\",\"@id\":\"https:\\\/\\\/hemisphericencounters.ca\\\/fr\\\/projects\\\/laboratoire-du-groupe-oralites-elargi-expanded-oralities-lab\\\/\",\"url\":\"https:\\\/\\\/hemisphericencounters.ca\\\/fr\\\/projects\\\/laboratoire-du-groupe-oralites-elargi-expanded-oralities-lab\\\/\",\"name\":\"Laboratoire du groupe Oralit\u00e9s \u00e9largi (Expanded Oralities Lab) - Hemispheric Encounters\",\"isPartOf\":{\"@id\":\"https:\\\/\\\/hemisphericencounters.ca\\\/fr\\\/#website\"},\"primaryImageOfPage\":{\"@id\":\"https:\\\/\\\/hemisphericencounters.ca\\\/fr\\\/projects\\\/laboratoire-du-groupe-oralites-elargi-expanded-oralities-lab\\\/#primaryimage\"},\"image\":{\"@id\":\"https:\\\/\\\/hemisphericencounters.ca\\\/fr\\\/projects\\\/laboratoire-du-groupe-oralites-elargi-expanded-oralities-lab\\\/#primaryimage\"},\"thumbnailUrl\":\"https:\\\/\\\/i0.wp.com\\\/hemisphericencounters.ca\\\/wp-content\\\/uploads\\\/2024\\\/02\\\/IMG_1396.jpg?fit=1920%2C1440&ssl=1\",\"datePublished\":\"2024-04-17T19:13:05+00:00\",\"dateModified\":\"2024-04-17T19:13:07+00:00\",\"description\":\"Des membres du groupe Oralit\u00e9s \u00e9largi se sont r\u00e9unis \u00e0 Tiohti\u00e0:ke\\\/Montr\u00e9al pour un laboratoire d\u2019exploration d\u2019oralit\u00e9s exprim\u00e9es \u00e0 travers diverses pratiques et cadres, notamment les paysages sonores, les marionnettes et la comm\u00e9moration, tout en \u00e9largissant la signification de la notion d\u2019oralit\u00e9 dans une optique de justice pour les personnes handicap\u00e9es. Sur la base de ces approches, l'expansion du sens des oralit\u00e9s a \u00e9t\u00e9 discut\u00e9e.\",\"breadcrumb\":{\"@id\":\"https:\\\/\\\/hemisphericencounters.ca\\\/fr\\\/projects\\\/laboratoire-du-groupe-oralites-elargi-expanded-oralities-lab\\\/#breadcrumb\"},\"inLanguage\":\"fr-FR\",\"potentialAction\":[{\"@type\":\"ReadAction\",\"target\":[\"https:\\\/\\\/hemisphericencounters.ca\\\/fr\\\/projects\\\/laboratoire-du-groupe-oralites-elargi-expanded-oralities-lab\\\/\"]}]},{\"@type\":\"ImageObject\",\"inLanguage\":\"fr-FR\",\"@id\":\"https:\\\/\\\/hemisphericencounters.ca\\\/fr\\\/projects\\\/laboratoire-du-groupe-oralites-elargi-expanded-oralities-lab\\\/#primaryimage\",\"url\":\"https:\\\/\\\/i0.wp.com\\\/hemisphericencounters.ca\\\/wp-content\\\/uploads\\\/2024\\\/02\\\/IMG_1396.jpg?fit=1920%2C1440&ssl=1\",\"contentUrl\":\"https:\\\/\\\/i0.wp.com\\\/hemisphericencounters.ca\\\/wp-content\\\/uploads\\\/2024\\\/02\\\/IMG_1396.jpg?fit=1920%2C1440&ssl=1\",\"width\":1920,\"height\":1440,\"caption\":\"A colour photograph of 3 people in a lush green garden. They chat while their hands are busy with the plants.\"},{\"@type\":\"BreadcrumbList\",\"@id\":\"https:\\\/\\\/hemisphericencounters.ca\\\/fr\\\/projects\\\/laboratoire-du-groupe-oralites-elargi-expanded-oralities-lab\\\/#breadcrumb\",\"itemListElement\":[{\"@type\":\"ListItem\",\"position\":1,\"name\":\"Home\",\"item\":\"https:\\\/\\\/hemisphericencounters.ca\\\/fr\\\/home\\\/\"},{\"@type\":\"ListItem\",\"position\":2,\"name\":\"Projects\",\"item\":\"https:\\\/\\\/hemisphericencounters.ca\\\/fr\\\/projects\\\/\"},{\"@type\":\"ListItem\",\"position\":3,\"name\":\"Laboratoire du groupe Oralit\u00e9s \u00e9largi (Expanded Oralities Lab)\"}]},{\"@type\":\"WebSite\",\"@id\":\"https:\\\/\\\/hemisphericencounters.ca\\\/fr\\\/#website\",\"url\":\"https:\\\/\\\/hemisphericencounters.ca\\\/fr\\\/\",\"name\":\"Hemispheric Encounters\",\"description\":\"Connecting performance, activism, and scholarship across the Americas\",\"potentialAction\":[{\"@type\":\"SearchAction\",\"target\":{\"@type\":\"EntryPoint\",\"urlTemplate\":\"https:\\\/\\\/hemisphericencounters.ca\\\/fr\\\/?s={search_term_string}\"},\"query-input\":{\"@type\":\"PropertyValueSpecification\",\"valueRequired\":true,\"valueName\":\"search_term_string\"}}],\"inLanguage\":\"fr-FR\"}]}<\/script>\n<!-- \/ Yoast SEO plugin. -->","yoast_head_json":{"title":"Laboratoire du groupe Oralit\u00e9s \u00e9largi (Expanded Oralities Lab) - Hemispheric Encounters","description":"Des membres du groupe Oralit\u00e9s \u00e9largi se sont r\u00e9unis \u00e0 Tiohti\u00e0:ke\/Montr\u00e9al pour un laboratoire d\u2019exploration d\u2019oralit\u00e9s exprim\u00e9es \u00e0 travers diverses pratiques et cadres, notamment les paysages sonores, les marionnettes et la comm\u00e9moration, tout en \u00e9largissant la signification de la notion d\u2019oralit\u00e9 dans une optique de justice pour les personnes handicap\u00e9es. Sur la base de ces approches, l'expansion du sens des oralit\u00e9s a \u00e9t\u00e9 discut\u00e9e.","robots":{"index":"index","follow":"follow","max-snippet":"max-snippet:-1","max-image-preview":"max-image-preview:large","max-video-preview":"max-video-preview:-1"},"canonical":"https:\/\/hemisphericencounters.ca\/fr\/projects\/laboratoire-du-groupe-oralites-elargi-expanded-oralities-lab\/","og_locale":"fr_FR","og_type":"article","og_title":"Laboratoire du groupe Oralit\u00e9s \u00e9largi (Expanded Oralities Lab) - Hemispheric Encounters","og_description":"Des membres du groupe Oralit\u00e9s \u00e9largi se sont r\u00e9unis \u00e0 Tiohti\u00e0:ke\/Montr\u00e9al pour un laboratoire d\u2019exploration d\u2019oralit\u00e9s exprim\u00e9es \u00e0 travers diverses pratiques et cadres, notamment les paysages sonores, les marionnettes et la comm\u00e9moration, tout en \u00e9largissant la signification de la notion d\u2019oralit\u00e9 dans une optique de justice pour les personnes handicap\u00e9es. Sur la base de ces approches, l'expansion du sens des oralit\u00e9s a \u00e9t\u00e9 discut\u00e9e.","og_url":"https:\/\/hemisphericencounters.ca\/fr\/projects\/laboratoire-du-groupe-oralites-elargi-expanded-oralities-lab\/","og_site_name":"Hemispheric Encounters","article_modified_time":"2024-04-17T19:13:07+00:00","og_image":[{"width":1920,"height":1440,"url":"https:\/\/hemisphericencounters.ca\/wp-content\/uploads\/2024\/02\/IMG_1396.jpg","type":"image\/jpeg"}],"twitter_card":"summary_large_image","twitter_misc":{"Dur\u00e9e de lecture estim\u00e9e":"2 minutes"},"schema":{"@context":"https:\/\/schema.org","@graph":[{"@type":"WebPage","@id":"https:\/\/hemisphericencounters.ca\/fr\/projects\/laboratoire-du-groupe-oralites-elargi-expanded-oralities-lab\/","url":"https:\/\/hemisphericencounters.ca\/fr\/projects\/laboratoire-du-groupe-oralites-elargi-expanded-oralities-lab\/","name":"Laboratoire du groupe Oralit\u00e9s \u00e9largi (Expanded Oralities Lab) - Hemispheric Encounters","isPartOf":{"@id":"https:\/\/hemisphericencounters.ca\/fr\/#website"},"primaryImageOfPage":{"@id":"https:\/\/hemisphericencounters.ca\/fr\/projects\/laboratoire-du-groupe-oralites-elargi-expanded-oralities-lab\/#primaryimage"},"image":{"@id":"https:\/\/hemisphericencounters.ca\/fr\/projects\/laboratoire-du-groupe-oralites-elargi-expanded-oralities-lab\/#primaryimage"},"thumbnailUrl":"https:\/\/i0.wp.com\/hemisphericencounters.ca\/wp-content\/uploads\/2024\/02\/IMG_1396.jpg?fit=1920%2C1440&ssl=1","datePublished":"2024-04-17T19:13:05+00:00","dateModified":"2024-04-17T19:13:07+00:00","description":"Des membres du groupe Oralit\u00e9s \u00e9largi se sont r\u00e9unis \u00e0 Tiohti\u00e0:ke\/Montr\u00e9al pour un laboratoire d\u2019exploration d\u2019oralit\u00e9s exprim\u00e9es \u00e0 travers diverses pratiques et cadres, notamment les paysages sonores, les marionnettes et la comm\u00e9moration, tout en \u00e9largissant la signification de la notion d\u2019oralit\u00e9 dans une optique de justice pour les personnes handicap\u00e9es. Sur la base de ces approches, l'expansion du sens des oralit\u00e9s a \u00e9t\u00e9 discut\u00e9e.","breadcrumb":{"@id":"https:\/\/hemisphericencounters.ca\/fr\/projects\/laboratoire-du-groupe-oralites-elargi-expanded-oralities-lab\/#breadcrumb"},"inLanguage":"fr-FR","potentialAction":[{"@type":"ReadAction","target":["https:\/\/hemisphericencounters.ca\/fr\/projects\/laboratoire-du-groupe-oralites-elargi-expanded-oralities-lab\/"]}]},{"@type":"ImageObject","inLanguage":"fr-FR","@id":"https:\/\/hemisphericencounters.ca\/fr\/projects\/laboratoire-du-groupe-oralites-elargi-expanded-oralities-lab\/#primaryimage","url":"https:\/\/i0.wp.com\/hemisphericencounters.ca\/wp-content\/uploads\/2024\/02\/IMG_1396.jpg?fit=1920%2C1440&ssl=1","contentUrl":"https:\/\/i0.wp.com\/hemisphericencounters.ca\/wp-content\/uploads\/2024\/02\/IMG_1396.jpg?fit=1920%2C1440&ssl=1","width":1920,"height":1440,"caption":"A colour photograph of 3 people in a lush green garden. They chat while their hands are busy with the plants."},{"@type":"BreadcrumbList","@id":"https:\/\/hemisphericencounters.ca\/fr\/projects\/laboratoire-du-groupe-oralites-elargi-expanded-oralities-lab\/#breadcrumb","itemListElement":[{"@type":"ListItem","position":1,"name":"Home","item":"https:\/\/hemisphericencounters.ca\/fr\/home\/"},{"@type":"ListItem","position":2,"name":"Projects","item":"https:\/\/hemisphericencounters.ca\/fr\/projects\/"},{"@type":"ListItem","position":3,"name":"Laboratoire du groupe Oralit\u00e9s \u00e9largi (Expanded Oralities Lab)"}]},{"@type":"WebSite","@id":"https:\/\/hemisphericencounters.ca\/fr\/#website","url":"https:\/\/hemisphericencounters.ca\/fr\/","name":"Hemispheric Encounters","description":"Connecting performance, activism, and scholarship across the Americas","potentialAction":[{"@type":"SearchAction","target":{"@type":"EntryPoint","urlTemplate":"https:\/\/hemisphericencounters.ca\/fr\/?s={search_term_string}"},"query-input":{"@type":"PropertyValueSpecification","valueRequired":true,"valueName":"search_term_string"}}],"inLanguage":"fr-FR"}]}},"jetpack_sharing_enabled":true,"_links":{"self":[{"href":"https:\/\/hemisphericencounters.ca\/fr\/wp-json\/wp\/v2\/portfolio\/9404","targetHints":{"allow":["GET"]}}],"collection":[{"href":"https:\/\/hemisphericencounters.ca\/fr\/wp-json\/wp\/v2\/portfolio"}],"about":[{"href":"https:\/\/hemisphericencounters.ca\/fr\/wp-json\/wp\/v2\/types\/portfolio"}],"author":[{"embeddable":true,"href":"https:\/\/hemisphericencounters.ca\/fr\/wp-json\/wp\/v2\/users\/1"}],"replies":[{"embeddable":true,"href":"https:\/\/hemisphericencounters.ca\/fr\/wp-json\/wp\/v2\/comments?post=9404"}],"version-history":[{"count":1,"href":"https:\/\/hemisphericencounters.ca\/fr\/wp-json\/wp\/v2\/portfolio\/9404\/revisions"}],"predecessor-version":[{"id":9405,"href":"https:\/\/hemisphericencounters.ca\/fr\/wp-json\/wp\/v2\/portfolio\/9404\/revisions\/9405"}],"wp:featuredmedia":[{"embeddable":true,"href":"https:\/\/hemisphericencounters.ca\/fr\/wp-json\/wp\/v2\/media\/8181"}],"wp:attachment":[{"href":"https:\/\/hemisphericencounters.ca\/fr\/wp-json\/wp\/v2\/media?parent=9404"}],"wp:term":[{"taxonomy":"portfolio_category","embeddable":true,"href":"https:\/\/hemisphericencounters.ca\/fr\/wp-json\/wp\/v2\/portfolio_category?post=9404"},{"taxonomy":"portfolio_tag","embeddable":true,"href":"https:\/\/hemisphericencounters.ca\/fr\/wp-json\/wp\/v2\/portfolio_tag?post=9404"}],"curies":[{"name":"wp","href":"https:\/\/api.w.org\/{rel}","templated":true}]}}